{"id":701,"date":"2025-04-10T09:48:05","date_gmt":"2025-04-10T07:48:05","guid":{"rendered":"https:\/\/www-schmadl-at-dev.wpms.raum15.at\/?page_id=701"},"modified":"2025-08-28T10:37:45","modified_gmt":"2025-08-28T08:37:45","slug":"impressum","status":"publish","type":"page","link":"https:\/\/schmadl.at\/en\/impressum\/","title":{"rendered":"Impressum"},"content":{"rendered":"<div data-elementor-type=\"wp-page\" data-elementor-id=\"701\" class=\"elementor elementor-701\" data-elementor-post-type=\"page\">\n\t\t\t\t<div class=\"elementor-element elementor-element-3afc28c e-con-full e-flex e-con e-parent\" data-id=\"3afc28c\" data-element_type=\"container\" data-e-type=\"container\" data-settings=\"{&quot;background_background&quot;:&quot;classic&quot;}\">\n\t\t\t\t<div class=\"elementor-element elementor-element-a6f386e elementor-widget elementor-widget-heading\" data-id=\"a6f386e\" data-element_type=\"widget\" data-e-type=\"widget\" data-widget_type=\"heading.default\">\n\t\t\t\t<div class=\"elementor-widget-container\">\n\t\t\t\t\t<h2 class=\"elementor-heading-title elementor-size-default\">IMPRINT<\/h2>\t\t\t\t<\/div>\n\t\t\t\t<\/div>\n\t\t\t\t<div class=\"elementor-element elementor-element-68e53ab elementor-icon-list--layout-traditional elementor-list-item-link-full_width elementor-widget elementor-widget-icon-list\" data-id=\"68e53ab\" data-element_type=\"widget\" data-e-type=\"widget\" data-widget_type=\"icon-list.default\">\n\t\t\t\t<div class=\"elementor-widget-container\">\n\t\t\t\t\t\t\t<ul class=\"elementor-icon-list-items\">\n\t\t\t\t\t\t\t<li class=\"elementor-icon-list-item\">\n\t\t\t\t\t\t\t\t\t\t<span class=\"elementor-icon-list-text\">Firmenwortlaut: Schmadl GmbH<\/span>\n\t\t\t\t\t\t\t\t\t<\/li>\n\t\t\t\t\t\t\t\t<li class=\"elementor-icon-list-item\">\n\t\t\t\t\t\t\t\t\t\t<span class=\"elementor-icon-list-text\">Unternehmensgegenstand: Elektro-, Geb\u00e4ude-, Alarm- und Kommunikationstechniker<\/span>\n\t\t\t\t\t\t\t\t\t<\/li>\n\t\t\t\t\t\t\t\t<li class=\"elementor-icon-list-item\">\n\t\t\t\t\t\t\t\t\t\t<span class=\"elementor-icon-list-text\">UID-Nummer: ATU78596814<\/span>\n\t\t\t\t\t\t\t\t\t<\/li>\n\t\t\t\t\t\t\t\t<li class=\"elementor-icon-list-item\">\n\t\t\t\t\t\t\t\t\t\t<span class=\"elementor-icon-list-text\">Firmenbuchnummer: FN 590019a<\/span>\n\t\t\t\t\t\t\t\t\t<\/li>\n\t\t\t\t\t\t\t\t<li class=\"elementor-icon-list-item\">\n\t\t\t\t\t\t\t\t\t\t<span class=\"elementor-icon-list-text\">Firmenbuchgericht: Innsbruck<\/span>\n\t\t\t\t\t\t\t\t\t<\/li>\n\t\t\t\t\t\t\t\t<li class=\"elementor-icon-list-item\">\n\t\t\t\t\t\t\t\t\t\t<span class=\"elementor-icon-list-text\">Firmensitz:  6250 Kundl<\/span>\n\t\t\t\t\t\t\t\t\t<\/li>\n\t\t\t\t\t\t\t\t<li class=\"elementor-icon-list-item\">\n\t\t\t\t\t\t\t\t\t\t<span class=\"elementor-icon-list-text\">Anschrift:  M\u00fchlbachweg 1, 6250 Kundl, Tirol<\/span>\n\t\t\t\t\t\t\t\t\t<\/li>\n\t\t\t\t\t\t<\/ul>\n\t\t\t\t\t\t<\/div>\n\t\t\t\t<\/div>\n\t\t\t\t<div class=\"elementor-element elementor-element-5dc13d4 elementor-widget elementor-widget-heading\" data-id=\"5dc13d4\" data-element_type=\"widget\" data-e-type=\"widget\" data-widget_type=\"heading.default\">\n\t\t\t\t<div class=\"elementor-widget-container\">\n\t\t\t\t\t<h2 class=\"elementor-heading-title elementor-size-default\">Kontaktdaten <\/h2>\t\t\t\t<\/div>\n\t\t\t\t<\/div>\n\t\t\t\t<div class=\"elementor-element elementor-element-715dba8 elementor-icon-list--layout-traditional elementor-list-item-link-full_width elementor-widget elementor-widget-icon-list\" data-id=\"715dba8\" data-element_type=\"widget\" data-e-type=\"widget\" data-widget_type=\"icon-list.default\">\n\t\t\t\t<div class=\"elementor-widget-container\">\n\t\t\t\t\t\t\t<ul class=\"elementor-icon-list-items\">\n\t\t\t\t\t\t\t<li class=\"elementor-icon-list-item\">\n\t\t\t\t\t\t\t\t\t\t\t<a href=\"tel:+436642525018\">\n\n\t\t\t\t\t\t\t\t\t\t\t<span class=\"elementor-icon-list-text\">Telefonnummer:+43 664 25 25 018<\/span>\n\t\t\t\t\t\t\t\t\t\t\t<\/a>\n\t\t\t\t\t\t\t\t\t<\/li>\n\t\t\t\t\t\t\t\t<li class=\"elementor-icon-list-item\">\n\t\t\t\t\t\t\t\t\t\t\t<a href=\"mailto:office@schmadl.at\">\n\n\t\t\t\t\t\t\t\t\t\t\t<span class=\"elementor-icon-list-text\">E-Mail-Adresse: office@schmadl.at<\/span>\n\t\t\t\t\t\t\t\t\t\t\t<\/a>\n\t\t\t\t\t\t\t\t\t<\/li>\n\t\t\t\t\t\t<\/ul>\n\t\t\t\t\t\t<\/div>\n\t\t\t\t<\/div>\n\t\t\t\t<div class=\"elementor-element elementor-element-6646089 elementor-icon-list--layout-traditional elementor-list-item-link-full_width elementor-widget elementor-widget-icon-list\" data-id=\"6646089\" data-element_type=\"widget\" data-e-type=\"widget\" data-widget_type=\"icon-list.default\">\n\t\t\t\t<div class=\"elementor-widget-container\">\n\t\t\t\t\t\t\t<ul class=\"elementor-icon-list-items\">\n\t\t\t\t\t\t\t<li class=\"elementor-icon-list-item\">\n\t\t\t\t\t\t\t\t\t\t<span class=\"elementor-icon-list-text\">Mitgliedschaften bei der Wirtschaftskammerorganisation: Mitglied der WK\u00d6, WK Tirol (Fachgruppe - LI Elektro-, Geb\u00e4ude-, Alarm- und Kommunikationstechniker)<\/span>\n\t\t\t\t\t\t\t\t\t<\/li>\n\t\t\t\t\t\t\t\t<li class=\"elementor-icon-list-item\">\n\t\t\t\t\t\t\t\t\t\t<span class=\"elementor-icon-list-text\">Aufsichtsbeh\u00f6rde\/Gewerbebeh\u00f6rde: Bezirkshauptmannschaft Innsbruck<\/span>\n\t\t\t\t\t\t\t\t\t<\/li>\n\t\t\t\t\t\t\t\t<li class=\"elementor-icon-list-item\">\n\t\t\t\t\t\t\t\t\t\t<span class=\"elementor-icon-list-text\">Gesch\u00e4ftsf\u00fchrer: Alexander Gasser, Anton Schmadl<\/span>\n\t\t\t\t\t\t\t\t\t<\/li>\n\t\t\t\t\t\t\t\t<li class=\"elementor-icon-list-item\">\n\t\t\t\t\t\t\t\t\t\t<span class=\"elementor-icon-list-text\"> Anwendbare Rechtsvorschriften und Zugang dazu  Berufsrecht: Gewerbeordnung: www.ris.bka.gv.at<\/span>\n\t\t\t\t\t\t\t\t\t<\/li>\n\t\t\t\t\t\t\t\t<li class=\"elementor-icon-list-item\">\n\t\t\t\t\t\t\t\t\t\t<span class=\"elementor-icon-list-text\">Hinweis gem\u00e4\u00df \u00a7 19 AStG: Wir sind nicht verpflichtet und nicht bereit, an einem Streitbeilegungsverfahren vor einer Verbraucherschlichtungsstelle teilzunehmen.<\/span>\n\t\t\t\t\t\t\t\t\t<\/li>\n\t\t\t\t\t\t<\/ul>\n\t\t\t\t\t\t<\/div>\n\t\t\t\t<\/div>\n\t\t\t\t<div class=\"elementor-element elementor-element-0729242 elementor-widget elementor-widget-heading\" data-id=\"0729242\" data-element_type=\"widget\" data-e-type=\"widget\" data-widget_type=\"heading.default\">\n\t\t\t\t<div class=\"elementor-widget-container\">\n\t\t\t\t\t<h2 class=\"elementor-heading-title elementor-size-default\">Website &amp; Hosting<\/h2>\t\t\t\t<\/div>\n\t\t\t\t<\/div>\n\t\t\t\t<div class=\"elementor-element elementor-element-05e37cc elementor-widget elementor-widget-image\" data-id=\"05e37cc\" data-element_type=\"widget\" data-e-type=\"widget\" data-widget_type=\"image.default\">\n\t\t\t\t<div class=\"elementor-widget-container\">\n\t\t\t\t\t\t\t\t\t\t\t\t\t\t\t\t<a href=\"https:\/\/www.raum15.at\" target=\"_blank\" rel=\"noopener\">\n\t\t\t\t\t\t\t<img fetchpriority=\"high\" decoding=\"async\" width=\"2287\" height=\"422\" src=\"https:\/\/schmadl.at\/wp-content\/uploads\/sites\/47\/2025\/04\/raum15-logo-weiss.png\" class=\"attachment-full size-full wp-image-704\" alt=\"RAUM15 Digital Solutions GmbH Logo Weiss\" srcset=\"https:\/\/schmadl.at\/wp-content\/uploads\/sites\/47\/2025\/04\/raum15-logo-weiss.png 2287w, https:\/\/schmadl.at\/wp-content\/uploads\/sites\/47\/2025\/04\/raum15-logo-weiss-300x55.png 300w, https:\/\/schmadl.at\/wp-content\/uploads\/sites\/47\/2025\/04\/raum15-logo-weiss-1024x189.png 1024w, https:\/\/schmadl.at\/wp-content\/uploads\/sites\/47\/2025\/04\/raum15-logo-weiss-768x142.png 768w, https:\/\/schmadl.at\/wp-content\/uploads\/sites\/47\/2025\/04\/raum15-logo-weiss-1536x283.png 1536w, https:\/\/schmadl.at\/wp-content\/uploads\/sites\/47\/2025\/04\/raum15-logo-weiss-2048x378.png 2048w\" sizes=\"(max-width: 2287px) 100vw, 2287px\" \/>\t\t\t\t\t\t\t\t<\/a>\n\t\t\t\t\t\t\t\t\t\t\t\t\t\t\t<\/div>\n\t\t\t\t<\/div>\n\t\t\t\t<div class=\"elementor-element elementor-element-1c02283 elementor-icon-list--layout-inline elementor-hidden-mobile elementor-list-item-link-full_width elementor-widget elementor-widget-icon-list\" data-id=\"1c02283\" data-element_type=\"widget\" data-e-type=\"widget\" data-widget_type=\"icon-list.default\">\n\t\t\t\t<div class=\"elementor-widget-container\">\n\t\t\t\t\t\t\t<ul class=\"elementor-icon-list-items elementor-inline-items\">\n\t\t\t\t\t\t\t<li class=\"elementor-icon-list-item elementor-inline-item\">\n\t\t\t\t\t\t\t\t\t\t\t<a href=\"http:\/\/www.raum15.at\" target=\"_blank\" rel=\"noopener\">\n\n\t\t\t\t\t\t\t\t\t\t\t<span class=\"elementor-icon-list-text\">RAUM15 Digital Solutions GmbH<\/span>\n\t\t\t\t\t\t\t\t\t\t\t<\/a>\n\t\t\t\t\t\t\t\t\t<\/li>\n\t\t\t\t\t\t\t\t<li class=\"elementor-icon-list-item elementor-inline-item\">\n\t\t\t\t\t\t\t\t\t\t\t<a href=\"mailto:office@raum15.at\">\n\n\t\t\t\t\t\t\t\t\t\t\t<span class=\"elementor-icon-list-text\">office@raum15.at<\/span>\n\t\t\t\t\t\t\t\t\t\t\t<\/a>\n\t\t\t\t\t\t\t\t\t<\/li>\n\t\t\t\t\t\t\t\t<li class=\"elementor-icon-list-item elementor-inline-item\">\n\t\t\t\t\t\t\t\t\t\t\t<a href=\"tel:+4367761828411\">\n\n\t\t\t\t\t\t\t\t\t\t\t<span class=\"elementor-icon-list-text\">+43 (0) 677 \/ 618 28 411<\/span>\n\t\t\t\t\t\t\t\t\t\t\t<\/a>\n\t\t\t\t\t\t\t\t\t<\/li>\n\t\t\t\t\t\t<\/ul>\n\t\t\t\t\t\t<\/div>\n\t\t\t\t<\/div>\n\t\t\t\t<div class=\"elementor-element elementor-element-4225ccb elementor-hidden-desktop elementor-hidden-tablet elementor-icon-list--layout-traditional elementor-list-item-link-full_width elementor-widget elementor-widget-icon-list\" data-id=\"4225ccb\" data-element_type=\"widget\" data-e-type=\"widget\" data-widget_type=\"icon-list.default\">\n\t\t\t\t<div class=\"elementor-widget-container\">\n\t\t\t\t\t\t\t<ul class=\"elementor-icon-list-items\">\n\t\t\t\t\t\t\t<li class=\"elementor-icon-list-item\">\n\t\t\t\t\t\t\t\t\t\t\t<a href=\"http:\/\/www.raum15.at\" target=\"_blank\" rel=\"noopener\">\n\n\t\t\t\t\t\t\t\t\t\t\t<span class=\"elementor-icon-list-text\">RAUM15 Digital Solutions GmbH<\/span>\n\t\t\t\t\t\t\t\t\t\t\t<\/a>\n\t\t\t\t\t\t\t\t\t<\/li>\n\t\t\t\t\t\t\t\t<li class=\"elementor-icon-list-item\">\n\t\t\t\t\t\t\t\t\t\t\t<a href=\"mailto:office@raum15.at\">\n\n\t\t\t\t\t\t\t\t\t\t\t<span class=\"elementor-icon-list-text\">office@raum15.at<\/span>\n\t\t\t\t\t\t\t\t\t\t\t<\/a>\n\t\t\t\t\t\t\t\t\t<\/li>\n\t\t\t\t\t\t\t\t<li class=\"elementor-icon-list-item\">\n\t\t\t\t\t\t\t\t\t\t\t<a href=\"tel:+4367761828411\">\n\n\t\t\t\t\t\t\t\t\t\t\t<span class=\"elementor-icon-list-text\">+43 (0) 677 \/ 618 28 411<\/span>\n\t\t\t\t\t\t\t\t\t\t\t<\/a>\n\t\t\t\t\t\t\t\t\t<\/li>\n\t\t\t\t\t\t<\/ul>\n\t\t\t\t\t\t<\/div>\n\t\t\t\t<\/div>\n\t\t\t\t<\/div>\n\t\t<div class=\"elementor-element elementor-element-2640a23 e-flex e-con-boxed e-con e-parent\" data-id=\"2640a23\" data-element_type=\"container\" data-e-type=\"container\" data-settings=\"{&quot;background_background&quot;:&quot;classic&quot;}\">\n\t\t\t\t\t<div class=\"e-con-inner\">\n\t\t\t\t\t<\/div>\n\t\t\t\t<\/div>\n\t\t\t\t<\/div>","protected":false},"excerpt":{"rendered":"<p>IMPRESSUM Firmenwortlaut: Schmadl GmbH Unternehmensgegenstand: Elektro-, Geb\u00e4ude-, Alarm- und Kommunikationstechniker UID-Nummer: ATU78596814 Firmenbuchnummer: FN 590019a Firmenbuchgericht: Innsbruck Firmensitz: 6250 Kundl Anschrift: M\u00fchlbachweg 1, 6250 Kundl, Tirol Kontaktdaten Telefonnummer:+43 664 25 25 018 E-Mail-Adresse: office@schmadl.at Mitgliedschaften bei der Wirtschaftskammerorganisation: Mitglied der WK\u00d6, WK Tirol (Fachgruppe &#8211; LI Elektro-, Geb\u00e4ude-, Alarm- und Kommunikationstechniker) Aufsichtsbeh\u00f6rde\/Gewerbebeh\u00f6rde: Bezirkshauptmannschaft Innsbruck Gesch\u00e4ftsf\u00fchrer: [&hellip;]<\/p>\n","protected":false},"author":1,"featured_media":0,"parent":0,"menu_order":99,"comment_status":"closed","ping_status":"closed","template":"","meta":{"footnotes":""},"class_list":["post-701","page","type-page","status-publish","hentry"],"_links":{"self":[{"href":"https:\/\/schmadl.at\/en\/wp-json\/wp\/v2\/pages\/701","targetHints":{"allow":["GET"]}}],"collection":[{"href":"https:\/\/schmadl.at\/en\/wp-json\/wp\/v2\/pages"}],"about":[{"href":"https:\/\/schmadl.at\/en\/wp-json\/wp\/v2\/types\/page"}],"author":[{"embeddable":true,"href":"https:\/\/schmadl.at\/en\/wp-json\/wp\/v2\/users\/1"}],"replies":[{"embeddable":true,"href":"https:\/\/schmadl.at\/en\/wp-json\/wp\/v2\/comments?post=701"}],"version-history":[{"count":19,"href":"https:\/\/schmadl.at\/en\/wp-json\/wp\/v2\/pages\/701\/revisions"}],"predecessor-version":[{"id":2202,"href":"https:\/\/schmadl.at\/en\/wp-json\/wp\/v2\/pages\/701\/revisions\/2202"}],"wp:attachment":[{"href":"https:\/\/schmadl.at\/en\/wp-json\/wp\/v2\/media?parent=701"}],"curies":[{"name":"wp","href":"https:\/\/api.w.org\/{rel}","templated":true}]}}